{"id":3,"date":"2023-09-15T09:59:27","date_gmt":"2023-09-15T07:59:27","guid":{"rendered":"http:\/\/hosting2203719.online.pro\/autoinstalator\/wordpress\/?page_id=3"},"modified":"2023-10-11T12:55:30","modified_gmt":"2023-10-11T10:55:30","slug":"polityka-prywatnosci","status":"publish","type":"page","link":"http:\/\/avis.strefa.pl\/index.php\/polityka-prywatnosci\/","title":{"rendered":"Polityka prywatno\u015bci"},"content":{"rendered":"\n<p class=\"wp-block-paragraph\"><strong>POLITYKA PRYWATNO\u015aCI DANYCH OSOBOWYCH (RODO)<\/strong><br><strong>www.avis.strefa.pl<\/strong><\/p>\n\n\n\n<p class=\"wp-block-paragraph\">Obowi\u0105zuje od: 01 stycznia 2023 r.<\/p>\n\n\n\n<p class=\"has-text-align-center wp-block-paragraph\"><strong>\u00a71 <\/strong><strong><\/strong><\/p>\n\n\n\n<p class=\"wp-block-paragraph\"><strong>To\u017csamo\u015b\u0107 administratora danych<\/strong><strong><\/strong><\/p>\n\n\n\n<ol class=\"wp-block-list\" type=\"1\">\n<li>Administratorem danych osobowych podawanych w trakcie korzystania ze Serwisu i\/lub Sklepu online prowadzonego pod nazw\u0105 www.avis.strefa.pl jest F.H.U. \u201eAVIS\u201d SYLWESTER WO\u0179NIAK, ul. Obuwnicza 9A, 26-110 Skar\u017cysko-Kamienna, tel. 600 856 227, NIP 6631064202, e-mail: avis@avis.strefa.pl<\/li>\n\n\n\n<li>Dane przetwarzane s\u0105 zgodnie z aktualnie obowi\u0105zuj\u0105cymi przepisami prawa; tj. Rozporz\u0105dzeniem Parlamentu Europejskiego i Rady UE 2016\/679 z 27 kwietnia 2016 r. w sprawie ochrony os\u00f3b fizycznych w zwi\u0105zku z przetwarzaniem danych osobowych i w sprawie swobodnego przep\u0142ywu takich danych oraz uchylenia dyrektywy 95\/46\/WE (dalej: RODO), ustaw\u0105 z dnia 10 maja 2018 r. o ochronie danych, a tak\u017ce ustaw\u0105 z 18 lipca 2002 r. o \u015bwiadczeniu us\u0142ug drog\u0105 elektroniczn\u0105.<\/li>\n\n\n\n<li>Poni\u017csza Polityka Prywatno\u015bci obejmuje zasady przetwarzania danych U\u017cytkownik\u00f3w Strony, a tak\u017ce os\u00f3b zawieraj\u0105cych umowy z Administratorem danych, a tak\u017ce danych gromadzonych poprzez kontakt z Administratorem danych (adres e-mail lub telefonicznie) lub korespondencj\u0119 tradycyjn\u0105, jak i os\u00f3b, kt\u00f3re lubi\u0105 i\/lub obserwuj\u0105 fanpage Administratora w mediach spo\u0142eczno\u015bciowych, je\u015bli prowadzi.<\/li>\n<\/ol>\n\n\n\n<p class=\"has-text-align-center wp-block-paragraph\"><strong>\u00a72<\/strong><strong><\/strong><\/p>\n\n\n\n<p class=\"wp-block-paragraph\"><strong>Stosowane definicje<\/strong><strong><\/strong><\/p>\n\n\n\n<ol class=\"wp-block-list\" type=\"1\">\n<li>W niniejszej polityce stosuje si\u0119 nast\u0119puj\u0105ce definicje:\n<ul class=\"wp-block-list\">\n<li>a) <strong>Serwis<\/strong> &#8211; serwis internetowy dost\u0119pny pod adresem www.avis.strefa.pl za po\u015brednictwem kt\u00f3rego U\u017cytkownik mo\u017ce: przegl\u0105da\u0107 jego zawarto\u015b\u0107 (blog), kontaktowa\u0107 si\u0119 z administratorem danych (formularz kontaktowy).<\/li>\n\n\n\n<li>b) <strong>Administrator danych osobowych<\/strong> &#8211; podmiot, kt\u00f3ry decyduje o celu i \u015brodkach przetwarzania danych, w niniejszej polityce rozumie si\u0119 przez to: F.H.U. \u201eAVIS\u201d SYLWESTER WO\u0179NIAK, ul. Obuwnicza 9A, 26-110 Skar\u017cysko-Kamienna,<\/li>\n\n\n\n<li>c) <strong>U\u017cytkownik<\/strong> &#8211; osoba fizyczna, kt\u00f3rej dane dotycz\u0105 i kt\u00f3ra korzysta z us\u0142ug dost\u0119pnych w Serwisie.<\/li>\n\n\n\n<li>d) <strong>Dane osobowe<\/strong> &#8211; wszelkie informacje, kt\u00f3re bez nadmiernego czasu i kosztu mog\u0105 doprowadzi\u0107 do identyfikacji osoby fizycznej, w tym jej dane identyfikacyjne, adresowe i kontaktowe.<\/li>\n\n\n\n<li>e) <strong>Pa\u0144stwa trzecie<\/strong> &#8211; pa\u0144stwa poza Europejskim Obszarem Gospodarczym (EOG).<\/li>\n<\/ul>\n<\/li>\n<\/ol>\n\n\n\n<p class=\"has-text-align-center wp-block-paragraph\"><strong>\u00a73 <\/strong><strong><\/strong><\/p>\n\n\n\n<p class=\"wp-block-paragraph\"><strong>Cele przetwarzania danych osobowych<\/strong><strong><\/strong><\/p>\n\n\n\n<ol class=\"wp-block-list\" type=\"1\">\n<li>Administrator Danych Osobowych przetwarza dane osobowe wy\u0142\u0105cznie, gdy jest to dopuszczone aktualnie obowi\u0105zuj\u0105cymi przepisami prawa, w tym w celu:\n<ul class=\"wp-block-list\">\n<li>a) <span style=\"background-color: var(--base-3); color: var(--contrast-2);\">przygotowania i realizacji zawartej umowy sprzeda\u017cy, w tym zawarcia umowy na odleg\u0142o\u015b\u0107 za po\u015brednictwem sklepu internetowego, kt\u00f3rej osoba jest stron\u0105, a tak\u017ce realizacji uprawnie\u0144 z niej wynikaj\u0105cych, a przetwarzanie to odbywa si\u0119 na podstawie art. 6 ust. 1 lit b) RODO,<\/span><\/li>\n\n\n\n<li><span style=\"background-color: var(--base-3); color: var(--contrast-2);\">b) udokumentowania realizacji um\u00f3w, w tym wystawienia rachunku lub faktury dla osoby fizycznej, prowadzenia dokumentacji ksi\u0119gowej i podatkowej, na podstawie art. 6 ust. 1 lit. <\/span><\/li>\n\n\n\n<li><span style=\"background-color: var(--base-3); color: var(--contrast-2);\">c) RODO, tj. w celu wykonania obowi\u0105zk\u00f3w prawnych ci\u0105\u017c\u0105cych na Administratorze danych osobowych, na podstawie art. 70 ustawy z dnia 29 sierpnia 1997 r. Ordynacja podatkowa, podj\u0119cia dzia\u0142a\u0144 na \u017c\u0105danie osoby, kt\u00f3rej dane dotycz\u0105, w tym udzielenia odpowiedzi na pytania zadane poprzez \u015brodki komunikacji elektronicznej lub w celu obs\u0142ugi korespondencji tradycyjnej, a przetwarzanie to odbywa si\u0119 na podstawie art. 6 ust. 1 lit b) RODO,<\/span><\/li>\n\n\n\n<li>d) <span style=\"background-color: var(--base-3); color: var(--contrast-2);\">marketingu w\u0142asnych produkt\u00f3w i us\u0142ug Administratora danych drog\u0105 tradycyjn\u0105, na podstawie art. 6 ust. 1 lit. f) RODO, tj. w celu realizacji prawnie uzasadnionych interes\u00f3w administratora danych lub osoby, kt\u00f3rej dane dotycz\u0105,<\/span><\/li>\n\n\n\n<li>e) dochodzenia praw i roszcze\u0144 przez Administratora danych lub osob\u0119, kt\u00f3rej dane dotycz\u0105, na podstawie art. 6 ust. 1 lit f) RODO i odbywa si\u0119 w prawnie usprawiedliwionym celu.<\/li>\n<\/ul>\n<\/li>\n\n\n\n<li>Podanie danych osobowych jest niezb\u0119dne w celu realizacji umowy zawartej na odleg\u0142o\u015b\u0107,&nbsp; w tym wysy\u0142ki towaru lub udost\u0119pnienia produktu cyfrowego i wystawienia dokumentu ksi\u0119gowego, dochodzenia roszcze\u0144, a tak\u017ce udzielenia odpowiedzi na pytania. Podanie danych osobowych w pozosta\u0142ym zakresie jest dobrowolne.<\/li>\n\n\n\n<li>Brak podania wymaganych danych uniemo\u017cliwia realizacj\u0119 umowy zawartej na odleg\u0142o\u015b\u0107, wystawienie rachunku lub faktury lub podj\u0119cie kontaktu na \u017c\u0105danie osoby, kt\u00f3rej dane dotycz\u0105.<\/li>\n<\/ol>\n\n\n\n<p class=\"has-text-align-center wp-block-paragraph\"><strong>\u00a74 <\/strong><strong><\/strong><\/p>\n\n\n\n<p class=\"wp-block-paragraph\"><strong>Sposoby pozyskiwania danych<\/strong><strong><\/strong><\/p>\n\n\n\n<ol class=\"wp-block-list\" type=\"1\">\n<li>Dane osobowe U\u017cytkownika gromadzone s\u0105 bezpo\u015brednio od os\u00f3b, kt\u00f3rych dane dotycz\u0105, tj. poprzez: \n<ul class=\"wp-block-list\">\n<li>a) <span style=\"background-color: var(--base-3); color: var(--contrast-2);\">wype\u0142nienie formularza z danymi kontaktowymi podczas sk\u0142adania&nbsp;zapytania przez formularz na stronie,<\/span><\/li>\n\n\n\n<li>b) <span style=\"background-color: var(--base-3); color: var(--contrast-2);\">podanie danych do przygotowania i zawarcia umowy,<\/span><\/li>\n\n\n\n<li>c) bezpo\u015bredni kontakt z administratorem danych za pomoc\u0105 danych teleadresowych dost\u0119pnych na stronie lub w formie tradycyjnej w miejscu prowadzenia dzia\u0142alno\u015bci.<\/li>\n<\/ul>\n<\/li>\n<\/ol>\n\n\n\n<p class=\"has-text-align-center wp-block-paragraph\"><strong>\u00a75 <\/strong><strong><\/strong><\/p>\n\n\n\n<p class=\"wp-block-paragraph\"><strong>Zakres przetwarzanych danych<\/strong><strong><\/strong><\/p>\n\n\n\n<ol class=\"wp-block-list\" type=\"1\">\n<li>Zakres przetwarzanych danych osobowych zosta\u0142 ograniczony do minimum niezb\u0119dnego do \u015bwiadczenia us\u0142ug w zakresie: \n<ul class=\"wp-block-list\">\n<li>a) <span style=\"background-color: var(--base-3); color: var(--contrast-2);\">z\u0142o\u017cenia zapytania przez formularz kontaktowy lub za pomoc\u0105 danych teleadresowych dost\u0119pnych na stronie: adres e-mail numer telefonu, adres poczty elektronicznej, imi\u0119, ewentualne inne dane podane dobrowolnie przez osob\u0119, kt\u00f3rej dane dotycz\u0105,<\/span><\/li>\n\n\n\n<li>b) <span style=\"background-color: var(--base-3); color: var(--contrast-2);\">wystawienia rachunku lub faktury: imi\u0119 i nazwisko lub nazwa podmiotu, adres siedziby, NIP,<\/span><\/li>\n\n\n\n<li>c) przygotowania i zawarcia umowy: imi\u0119 i nazwisko, adres, numer dowodu osobistego, etc.<\/li>\n<\/ul>\n<\/li>\n<\/ol>\n\n\n\n<p class=\"has-text-align-center wp-block-paragraph\"><strong>\u00a76<\/strong><strong><\/strong><\/p>\n\n\n\n<p class=\"wp-block-paragraph\"><strong>Okres przetwarzania danych<\/strong><\/p>\n\n\n\n<ol class=\"wp-block-list\" type=\"1\">\n<li>Okres przetwarzania danych jest uzale\u017cniony od celu, dla kt\u00f3rego dane zosta\u0142y zebrane i wynosi w celu:\n<ul class=\"wp-block-list\">\n<li>a) <span style=\"background-color: var(--base-3); color: var(--contrast-2);\">zawarcia i realizacja umowy sprzeda\u017cy, w tym sprzeda\u017cy na odleg\u0142o\u015b\u0107 &#8211; przez okres niezb\u0119dny do udokumentowania wykonanej umowy, w tym wystawienia rachunku lub faktury &#8211; 5 lat, licz\u0105c od ko\u0144ca roku kalendarzowego, w kt\u00f3rym up\u0142yn\u0105\u0142 termin p\u0142atno\u015bci podatku, na podstawie art. 112 ustawy z dnia 11 marca 2004 r. o podatku od towar\u00f3w i us\u0142ug, w zwi\u0105zku z art. 70 ustawy z dnia 29 sierpnia 1997 r. &#8211; Ordynacja podatkowa,<\/span><\/li>\n\n\n\n<li>b) <span style=\"background-color: var(--base-3); color: var(--contrast-2);\">przez okres niezb\u0119dny do udzielenia odpowiedzi na pytanie zadane przez formularz kontaktowy lub drog\u0105 telefoniczn\u0105, ale nie d\u0142u\u017cej ni\u017c przez 6 miesi\u0119cy, o ile osoba nie zdecyduje si\u0119 zawrze\u0107 umowy z Administratorem danych osobowych,<\/span><\/li>\n\n\n\n<li>c) w celu dochodzenia roszcze\u0144, na podstawie ustawy z art. 118 ustawy z dnia 23 kwietnia 1964 r. &#8211; Kodeks cywilny. Je\u017celi przepis szczeg\u00f3lny nie stanowi inaczej, termin przedawnienia wynosi sze\u015b\u0107 lat, a dla roszcze\u0144 o \u015bwiadczenia okresowe oraz roszcze\u0144 zwi\u0105zanych z prowadzeniem dzia\u0142alno\u015bci gospodarczej \u2013 trzy lata.<\/li>\n<\/ul>\n<\/li>\n<\/ol>\n\n\n\n<p class=\"has-text-align-center wp-block-paragraph\"><strong>\u00a77 <\/strong><strong><\/strong><\/p>\n\n\n\n<p class=\"wp-block-paragraph\"><strong>Odbiorcy danych<\/strong><strong><\/strong><\/p>\n\n\n\n<ol class=\"wp-block-list\" type=\"1\">\n<li>Dane osobowe U\u017cytkownika mog\u0105 zosta\u0107 powierzone innym podmiotom w celu wykonania us\u0142ug na zlecenie administratora danych, w szczeg\u00f3lno\u015bci podmiotom w zakresie:&nbsp;\n<ul class=\"wp-block-list\">\n<li>a) <span style=\"background-color: var(--base-3); color: var(--contrast-2);\">hostingu strony www,<\/span><\/li>\n\n\n\n<li>b) <span style=\"background-color: var(--base-3); color: var(--contrast-2);\">prowadzenia obs\u0142ugi ksi\u0119gowej,<\/span><\/li>\n\n\n\n<li>c) brokera us\u0142ug kurierskich.<\/li>\n<\/ul>\n<\/li>\n\n\n\n<li>Dane osobowe U\u017cytkownika mog\u0105 zosta\u0107 tak\u017ce udost\u0119pnione podmiotom wspieraj\u0105cym administratora danych, w tym podmiotom realizuj\u0105cym us\u0142ugi kurierskie i pocztowe, obs\u0142ug\u0119 p\u0142atno\u015bci online.<\/li>\n\n\n\n<li>Dane osobowe U\u017cytkownika nie s\u0105 przekazywane do pa\u0144stw trzecich, ani organizacji mi\u0119dzynarodowych.<\/li>\n\n\n\n<li>Dane osobowe U\u017cytkownika b\u0119d\u0105 przetwarzane przez dostawc\u00f3w, kt\u00f3rych siedziby i\/lub serwery s\u0105 zlokalizowane w pa\u0144stwie trzecim, tj. na terenie Stan\u00f3w Zjednoczonych Ameryki (USA). Przekazanie danych do USA odbywa si\u0119 na podstawie decyzji Komisji Europejskiej z 10 lipca 2023 r. stwierdzaj odpowiedni stopie\u0144 ochrony danych osobowych zapewniony przez tzw. &#8222;Ramy ochrony danych UE-USA\u201d (EU-US Data Privacy Framework) w stosunku do dostawc\u00f3w wpisanych na list\u0119 departamentu handlu USA, jak: <strong>Google LLC. 1600 Amphitheatre Parkway Mountain View, CA 94043, USA; Meta Platforms, Inc., Menlo Park, California, USA.<\/strong><\/li>\n<\/ol>\n\n\n\n<p class=\"has-text-align-center wp-block-paragraph\"><strong>\u00a78<\/strong><strong><\/strong><\/p>\n\n\n\n<p class=\"wp-block-paragraph\"><strong>Fanpage Administratora danych w mediach spo\u0142eczno\u015bciowych<\/strong><\/p>\n\n\n\n<ol class=\"wp-block-list\" type=\"1\">\n<li>Administrator danych jest tak\u017ce jednocze\u015bnie wsp\u00f3\u0142administratorem danych jego obserwator\u00f3w w mediach spo\u0142eczno\u015bciowych &#8211; szczeg\u00f3lnie os\u00f3b, kt\u00f3re\u00a0 korzystaj\u0105 ze \u015brodk\u00f3w komunikacji elektronicznej na fanpage\u2019u &#8211; Facebook &#8211; <strong>\u201e@FHUAVIS\u201d<\/strong> pod nazw\u0105 konta <strong>\u201e@<strong>FHUAVIS<\/strong>\u201d<\/strong>, prowadzonych przez Administratora danych w tych serwisach spo\u0142eczno\u015bciowych.<\/li>\n\n\n\n<li>W pozosta\u0142ym zakresie administratorem danych U\u017cytkownik\u00f3w tych serwis\u00f3w spo\u0142eczno\u015bciowych jest <strong>Meta Platforms, Inc.,<\/strong> (dawniej: Facebook Inc., z siedzib\u0105 przy 1 Hacker Way, Menlo Park, CA 94025, USA), a przetwarzanie tych danych odbywa si\u0119 na zasadach opisanych w regulaminach i politykach prywatno\u015bci u\u017cytkownik\u00f3w tych serwis\u00f3w, w tym na: <a href=\"https:\/\/www.facebook.com\/privacy\">https:\/\/www.facebook.com\/privacy<\/a><\/li>\n\n\n\n<li>Dane osobowe U\u017cytkownika, kt\u00f3ry lubi i\/lub obserwuje fanpage Administratora w mediach spo\u0142eczno\u015bciowych b\u0119d\u0105 przetwarzane poza Europejskim Obszarem Gospodarczym w tzw. pa\u0144stwie trzecim, w szczeg\u00f3lno\u015bci na terenie Stan\u00f3w Zjednoczonych Ameryki w zwi\u0105zku ze stosowaniem rozwi\u0105za\u0144 informatycznych, kt\u00f3rych serwery s\u0105 zlokalizowane poza Europejskim Obszarem Gospodarczym.<\/li>\n\n\n\n<li>Dane osobowe U\u017cytkownika b\u0119d\u0105 przetwarzane w pa\u0144stwie trzecim, tj. na terenie Stan\u00f3w Zjednoczonych Ameryki (USA). Przekazanie danych do USA odbywa si\u0119 na podstawie decyzji Komisji Europejskiej z 10 lipca 2023 r. stwierdzaj\u0105ca odpowiedni stopie\u0144 ochrony danych osobowych zapewniony przez tzw. &#8222;Ramy ochrony danych UE-USA\u201d (EU-US Data Privacy Framework) w stosunku do dostawc\u00f3w wpisanych na list\u0119 departamentu handlu USA, jak: <strong>Meta Platforms, Inc., Menlo Park, California, USA.<\/strong><\/li>\n<\/ol>\n\n\n\n<p class=\"has-text-align-center wp-block-paragraph\"><strong>\u00a79<\/strong><strong><\/strong><\/p>\n\n\n\n<p class=\"wp-block-paragraph\"><strong>Prawa os\u00f3b, kt\u00f3rych dane dotycz\u0105<\/strong><strong><\/strong><\/p>\n\n\n\n<ol class=\"wp-block-list\" type=\"1\">\n<li>Osobom, kt\u00f3rych dane dotycz\u0105 przys\u0142uguje prawo:\n<ul class=\"wp-block-list\">\n<li><span style=\"background-color: var(--base-3); color: var(--contrast-2);\">dost\u0119pu do tre\u015bci danych osobowych, w tym otrzymania bezp\u0142atnie pierwszej kopii tre\u015bci danych osobowych,<\/span><\/li>\n\n\n\n<li><span style=\"background-color: var(--base-3); color: var(--contrast-2);\">do poprawiania danych,<\/span><\/li>\n\n\n\n<li><span style=\"background-color: var(--base-3); color: var(--contrast-2);\">prawo do usuni\u0119cia danych, o ile nie obowi\u0105zuj\u0105 inne przepisy prawa, kt\u00f3re zobowi\u0105zuj\u0105 administratora danych do archiwizacji danych przez okre\u015blony czas,<\/span><\/li>\n\n\n\n<li><span style=\"background-color: var(--base-3); color: var(--contrast-2);\">prawo do przenoszenia danych, o ile podstaw\u0105 przetwarzania danych jest umowa lub zgoda osoby, kt\u00f3rej dane dotycz\u0105, a przetwarzanie danych odbywa si\u0119 w spos\u00f3b automatyczny,<\/span><\/li>\n\n\n\n<li><span style=\"background-color: var(--base-3); color: var(--contrast-2);\">do odwo\u0142ania zgody na przetwarzanie danych osobowych &#8211; je\u015bli podstaw\u0105 tego przetwarzania by\u0142a zgoda osoby, kt\u00f3rej dane dotycz\u0105. Odwo\u0142anie zgody nie ma wp\u0142ywu na zgodno\u015b\u0107 przetwarzania, kt\u00f3rego dokonano przed jej wycofaniem,<\/span><\/li>\n\n\n\n<li><span style=\"background-color: var(--base-3); color: var(--contrast-2);\">do wniesienia sprzeciwu na przetwarzanie danych \u2013 z przyczyn zwi\u0105zanych ze szczeg\u00f3ln\u0105 sytuacj\u0105&nbsp; wobec przetwarzania dotycz\u0105cych danych osobowych opartego na art. 6 ust. 1 lit. e) lub f) RODO, a tak\u017ce prawo do ograniczenia przetwarzania,<\/span><\/li>\n\n\n\n<li><span style=\"background-color: var(--base-3); color: var(--contrast-2);\">prawo do niepodlegania automatycznemu profilowaniu, je\u015bli administrator danych podejmowa\u0142by decyzje opieraj\u0105ce si\u0119 wy\u0142\u0105cznie na automatycznym profilowaniu i nios\u0105ce ze sob\u0105 skutki prawne dla osoby, kt\u00f3rej dane dotycz\u0105 lub podobnie na ni\u0105 wp\u0142ywa\u0142y,<\/span><\/li>\n\n\n\n<li>prawo do kontroli przetwarzania danych i informacji na temat tego, kto jest administratorem danych, a tak\u017ce uzyskania informacji o celu, zakresie i sposobie przetwarzania danych, tre\u015bci tych danych, \u017ar\u00f3dle danych, a tak\u017ce sposobie udost\u0119pniania, w tym o odbiorcach lub kategoriach odbiorc\u00f3w danych.<\/li>\n<\/ul>\n<\/li>\n\n\n\n<li>W celu realizacji prawa do informacji, dost\u0119pu do tre\u015bci danych, ich poprawiania, a tak\u017ce innych praw, mo\u017cna skontaktowa\u0107 si\u0119 z Administratorem danych.<\/li>\n\n\n\n<li>Osoba, kt\u00f3rej dane dotycz\u0105 ma tak\u017ce prawo do wniesienia skargi do Urz\u0119du Ochrony Danych Osobowych (UODO), je\u015bli przetwarzanie danych narusza przepisy Og\u00f3lnego rozporz\u0105dzania o ochronie danych osobowych (RODO). Skarga mo\u017ce zosta\u0107 wniesiona w formie elektronicznej lub tradycyjnej na adres: Urz\u0105d Ochrony Danych Osobowych, ul. Stawki 2, 00-193 Warszawa.<\/li>\n<\/ol>\n\n\n\n<p class=\"has-text-align-center wp-block-paragraph\"><strong>\u00a710<\/strong><strong><\/strong><\/p>\n\n\n\n<p class=\"wp-block-paragraph\"><strong>Postanowienia ko\u0144cowe<\/strong><strong><\/strong><\/p>\n\n\n\n<p class=\"wp-block-paragraph\">W przypadku zmiany obowi\u0105zuj\u0105cej polityki prywatno\u015bci, w szczeg\u00f3lno\u015bci gdy b\u0119d\u0105 tego wymaga\u0142y zastosowane rozwi\u0105zania techniczne lub zmiany przepis\u00f3w prawa w zakresie prywatno\u015bci os\u00f3b, kt\u00f3rych dane dotycz\u0105, wprowadzone zostan\u0105 odpowiednie modyfikacje do niniejszej Polityki Prywatno\u015bci, kt\u00f3re b\u0119d\u0105 obowi\u0105zywa\u0142y w ci\u0105gu 14 dni od ich opublikowania na stronie Serwisu.<\/p>\n","protected":false},"excerpt":{"rendered":"<p>POLITYKA PRYWATNO\u015aCI DANYCH OSOBOWYCH (RODO)www.avis.strefa.pl Obowi\u0105zuje od: 01 stycznia 2023 r. \u00a71 To\u017csamo\u015b\u0107 administratora danych \u00a72 Stosowane definicje \u00a73 Cele przetwarzania danych osobowych \u00a74 Sposoby pozyskiwania danych \u00a75 Zakres przetwarzanych danych \u00a76 Okres przetwarzania danych \u00a77 Odbiorcy danych \u00a78 Fanpage Administratora danych w mediach spo\u0142eczno\u015bciowych \u00a79 Prawa os\u00f3b, kt\u00f3rych dane dotycz\u0105 \u00a710 Postanowienia ko\u0144cowe W &#8230; <\/p>\n<p class=\"read-more-container\"><a title=\"Polityka prywatno\u015bci\" class=\"read-more button\" href=\"http:\/\/avis.strefa.pl\/index.php\/polityka-prywatnosci\/#more-3\" aria-label=\"More on Polityka prywatno\u015bci\">Czytaj dalej<\/a><\/p>\n","protected":false},"author":1,"featured_media":0,"parent":0,"menu_order":0,"comment_status":"closed","ping_status":"open","template":"","meta":{"footnotes":""},"class_list":["post-3","page","type-page","status-publish"],"_links":{"self":[{"href":"http:\/\/avis.strefa.pl\/index.php\/wp-json\/wp\/v2\/pages\/3","targetHints":{"allow":["GET"]}}],"collection":[{"href":"http:\/\/avis.strefa.pl\/index.php\/wp-json\/wp\/v2\/pages"}],"about":[{"href":"http:\/\/avis.strefa.pl\/index.php\/wp-json\/wp\/v2\/types\/page"}],"author":[{"embeddable":true,"href":"http:\/\/avis.strefa.pl\/index.php\/wp-json\/wp\/v2\/users\/1"}],"replies":[{"embeddable":true,"href":"http:\/\/avis.strefa.pl\/index.php\/wp-json\/wp\/v2\/comments?post=3"}],"version-history":[{"count":3,"href":"http:\/\/avis.strefa.pl\/index.php\/wp-json\/wp\/v2\/pages\/3\/revisions"}],"predecessor-version":[{"id":1757,"href":"http:\/\/avis.strefa.pl\/index.php\/wp-json\/wp\/v2\/pages\/3\/revisions\/1757"}],"wp:attachment":[{"href":"http:\/\/avis.strefa.pl\/index.php\/wp-json\/wp\/v2\/media?parent=3"}],"curies":[{"name":"wp","href":"https:\/\/api.w.org\/{rel}","templated":true}]}}